{"version":"1.0","provider_name":"Waiting for...","provider_url":"https:\/\/waitingfor.cafeblog.hu","author_name":"MorningGlory","author_url":"https:\/\/waitingfor.cafeblog.hu\/author\/morningglory\/","title":"Ny\u00edlt lev\u00e9l a Testemhez","html":"<p><strong><span style=\"color: #000000;font-family: Calibri\">Kedves Testem,<\/span><\/strong><\/p>\r\n<p><span style=\"color: #000000;font-family: Calibri\"><strong>M\u00e1r j\u00f3 ideje egy\u00fctt vagyunk \u00e9s azt gondolom, hogy itt az ideje, hogy elmondjam azt, hogy is \u00e9rzek Ir\u00e1ntad. Megmondom \u0151szint\u00e9n, \u00e9veken kereszt\u00fcl rettenetesen haragudtam R\u00e1d. \u00c9s \u00e9n sok\u00e1ig sajnos nem is voltam ennek tudat\u00e1ban.<\/strong> <\/span><\/p>\r\n<p><span style=\"color: #000000;font-family: Calibri\">Hogy m\u00e9gis hogy der\u00fclt ez ki sz\u00e1momra? Elmes\u00e9lem\u2026 P\u00e1r hete voltam egy \u00f6nfejleszt\u0151 workshop-on, ahol az volt az egyik feladat, hogy \u00edrjunk levelet a test\u00fcnknek. \u00cdrjunk Neki arr\u00f3l, hogy mit l\u00e1tunk benne pozit\u00edvnak \u00e9s mit negat\u00edvnak. Haragszunk-e r\u00e1 valami\u00e9rt, ha igen, akkor mi\u00e9rt. Milyen \u00e9rz\u00e9seink vannak vele kapcsolatban. Mit tervez\u00fcnk a j\u00f6v\u0151ben Vele kapcsolatban?<\/span><\/p>\r\n<p><span style=\"color: #000000;font-family: Calibri\">Ott \u00fcltem a lev\u00e9l f\u00f6l\u00f6tt, nem tudtam meg\u00edrni, a s\u00edr\u00f3g\u00f6rcs ker\u00fclgetett, mert akkor, abban a pillanatban j\u00f6ttem r\u00e1, hogy \u00e9n bizony baromira haragszom R\u00e1d.<\/span><\/p>\r\n<p><span style=\"color: #000000;font-family: Calibri\">Hogy mi\u00e9rt? Mert t\u00f6bb, mint h\u00e1rom \u00e9ve k\u00e9ptelen vagy arra, hogy megadd nekem, hogy teherbe essek. <\/span><\/p>\r\n[caption id=\"attachment_344\" align=\"aligncenter\" width=\"161\"]<a href=\"https:\/\/waitingfor.cafeblog.hu\/files\/2016\/12\/body_pinterest1.jpg\"><img class=\" wp-image-344\" src=\"https:\/\/waitingfor.cafeblog.hu\/files\/2016\/12\/body_pinterest1.jpg\" alt=\"(forr\u00e1s: pinterest)\" width=\"161\" height=\"205\" \/><\/a> (forr\u00e1s: pinterest)[\/caption]\r\n<p><span style=\"color: #000000;font-family: Calibri\">El\u00f6nt\u00f6ttek a negat\u00edv \u00e9rz\u00e9sek, hogy bizony ut\u00e1llak az\u00e9rt, hogy nem vagy k\u00e9pes egy olyan dologra, ami egy csom\u00f3 embernek \u201ecsak elhat\u00e1roztuk \u00e9s m\u00e1r j\u00f6tt is a baba\u201d m\u00f3don siker\u00fcl. <\/span><\/p>\r\n<p><span style=\"color: #000000;font-family: Calibri\">P\u00e1r napig borzaszt\u00f3an rossz kedvem volt Miattad. Azt\u00e1n lenyugodtam \u00e9s r\u00e1j\u00f6ttem valamire.<\/span><\/p>\r\n<p><span style=\"color: #000000;font-family: Calibri\">Hogy mi\u00e9rt seg\u00edten\u00e9l Te nekem, ha \u00e9n sem seg\u00edtek Neked? Ha \u00fagy kezellek T\u00e9ged, mint egy rabszolg\u00e1t \u00e9s nem pedig az \u00f6r\u00f6k t\u00e1rsamat. <\/span><\/p>\r\n<p><span style=\"color: #000000;font-family: Calibri\">R\u00e1j\u00f6ttem arra, hogy az 5 sikertelen inszemin\u00e1ci\u00f3 sorozatos jel volt a R\u00e9szedr\u0151l. R\u00e1j\u00f6ttem arra, hogy a 6. inszem el\u0151tti t\u00falstimul\u00e1lt, folyad\u00e9kkal telt petef\u00e9szek m\u00e1r a v\u00e9szjelz\u00e9s r\u00e9szedr\u0151l \u00e9s beh\u00faztad a k\u00e9zif\u00e9ket, hogy el\u00e9g volt. <\/span><\/p>\r\n<p><span style=\"color: #000000;font-family: Calibri\">M\u00e9lys\u00e9gesen elsz\u00e9gyelltem magam. Hogy lehet, hogy ennyi \u00e9ven kereszt\u00fcl magadra hagytalak? Hogy lehet az, hogy az elm\u00falt h\u00e1rom \u00e9vben, amikor is a legnagyobb sz\u00fcks\u00e9ged lett volna r\u00e1m, \u00e9n nem t\u00f6r\u0151dtem Veled, csak azzal, hogy teljes\u00edts? <\/span><\/p>\r\n[caption id=\"attachment_346\" align=\"aligncenter\" width=\"242\"]<a href=\"https:\/\/waitingfor.cafeblog.hu\/files\/2016\/12\/positive_dailyvenusdiva.jpg\"><img class=\" wp-image-346\" src=\"https:\/\/waitingfor.cafeblog.hu\/files\/2016\/12\/positive_dailyvenusdiva-300x233.jpg\" alt=\"(k\u00e9p: pinterest)\" width=\"242\" height=\"188\" \/><\/a> (k\u00e9p: pinterest)[\/caption]\r\n<p><span style=\"color: #000000;font-family: Calibri\">Hogy lehet az, hogy sokszor azt k\u00edv\u00e1ntam, hogy b\u00e1rcsak v\u00e9konyabb, izmosabb, szebb, m\u00e1smilyen lenn\u00e9l?<\/span><\/p>\r\n<p><span style=\"color: #000000;font-family: Calibri\">Nem mehet ez \u00edgy tov\u00e1bb.<\/span><\/p>\r\n<p><span style=\"color: #000000;font-family: Calibri\">Igaz nincs m\u00e9g itt az \u00faj\u00e9v \u00e9s vele egy\u00fctt a fogadalmak ideje, de \u00e9n itt \u00e9s most meg\u00edg\u00e9rem Neked, hogy ezent\u00fal\u00a0nyitott leszek\u00a0arra, hogy mit \u00fczensz sz\u00e1momra.<\/span><\/p>\r\n<p><span style=\"color: #000000;font-family: Calibri\">Odafigyelek arra, ha pihen\u00e9sre van sz\u00fcks\u00e9ged, nem pedig a ny\u00fczsg\u00e9sre. Odafigyelek arra, ha edz\u00e9sre van sz\u00fcks\u00e9ged, nem pedig a kanap\u00e9n punnyad\u00e1sra. Odafigyelek arra, ha csak l\u00e9tezni akarsz, ez\u00e9rt rendszeresen\u00a0elviszlek massz\u00e1zsra \u00e9s infraszaun\u00e1zni. Odafigyelek R\u00e1d \u00e9s a jelz\u00e9seidre.<\/span><\/p>\r\n[caption id=\"attachment_345\" align=\"aligncenter\" width=\"188\"]<a href=\"https:\/\/waitingfor.cafeblog.hu\/files\/2016\/12\/body_pinterest.jpg\"><img class=\" wp-image-345\" src=\"https:\/\/waitingfor.cafeblog.hu\/files\/2016\/12\/body_pinterest.jpg\" alt=\"(k\u00e9p: pinterest)\" width=\"188\" height=\"233\" \/><\/a> (k\u00e9p: pinterest)[\/caption]\r\n<p><span style=\"color: #000000;font-family: Calibri\">Mert kinek kell a legjobban tudni, hogy mire van sz\u00fcks\u00e9ged, ha nem neked \u00e9s ezzel egy\u00fctt nekem?<\/span><\/p>\r\n<p><span style=\"color: #000000;font-family: Calibri\">A lelkemmel egy\u00fctt T\u00e9ged is meger\u0151s\u00edtelek. Hiszen a test a l\u00e9lek temploma \u00e9s hi\u00e1ba foglalkozom olyan kitart\u00f3an a lelkemmel, ha T\u00e9ged ek\u00f6zben magadra hagylak\u00a0\u00e9s elhanyagollak.<\/span><\/p>\r\n<p><span style=\"color: #000000;font-family: Calibri\">K\u00f6sz\u00f6n\u00f6m, hogy kitartott\u00e1l mellettem \u00e9s volt er\u0151d kiv\u00e1rni, hogy minderre r\u00e1j\u00f6jjek. <\/span><\/p>\r\n<p>&nbsp;<\/p>\r\n<p><strong>K\u00f6sz\u00f6n\u00f6m, hogy elolvast\u00e1l. <\/strong><\/p>\r\n<p><strong>Ha k\u00edv\u00e1ncsi vagy m\u00e9g egy\u00e9b \u00e9rdekess\u00e9gekre is, akkor gyere \u00e9s l\u00e1togass el a <a href=\"http:\/\/www.facebook.com\/morningglorywaitingfor\" target=\"_blank\">facebook<\/a> oldalamra is.<\/strong><\/p>","type":"rich","thumbnail_url":"https:\/\/waitingfor.cafeblog.hu\/files\/2016\/12\/body_pinterest-150x150.jpg","thumbnail_width":150,"thumbnail_height":150}